{"id":164,"date":"2012-11-09T15:33:07","date_gmt":"2012-11-09T14:33:07","guid":{"rendered":"http:\/\/wordpress.naum-ev.de\/?page_id=164"},"modified":"2012-12-04T13:32:18","modified_gmt":"2012-12-04T12:32:18","slug":"probleme","status":"publish","type":"page","link":"http:\/\/www.naum-ev.de\/?page_id=164","title":{"rendered":"Probleme?"},"content":{"rendered":"<p align=\"center\"><img loading=\"lazy\" decoding=\"async\" class=\"alignleft  wp-image-339\" title=\"Fernsehturm\" src=\"http:\/\/wordpress.naum-ev.de\/wp-content\/uploads\/2012\/10\/PA150166-Fernsehturm-web5-178x300.jpg\" alt=\"\" width=\"158\" height=\"258\" \/><\/p>\n<p align=\"center\"><span style=\"color: #0000ff;\"><em>\u00a0 <\/em><\/span><\/p>\n<p align=\"center\"><span style=\"color: #0000ff;\"><em>\u201eEs gibt keine Probleme,<br \/>\nsondern nur schwierige Situationen,<br \/>\ndie einer L\u00f6sung bed\u00fcrfen!\u201c<\/em><\/span><\/p>\n<p align=\"center\"><em><span style=\"color: #0000ff;\">(Leitgedanke eines erfolgreichen Berliner Unternehmers)<\/span><\/em><\/p>\n<p>&nbsp;<\/p>\n<p>&nbsp;<\/p>\n<p><span style=\"color: #0000ff;\"><strong>Schwierige Situation Nr. 1<\/strong><\/span><\/p>\n<p>Die Zahl der <span style=\"color: #0000ff;\"><strong>Alzheimer-Erkrankungen<\/strong><\/span> steigt in Deutschland dramatisch an. Die Wahrscheinlichkeit, dass es uns trifft, ist hoch.<img loading=\"lazy\" decoding=\"async\" class=\"alignright size-full wp-image-297\" title=\"Alzheimer Gesellschaft\" src=\"http:\/\/wordpress.naum-ev.de\/wp-content\/uploads\/2012\/10\/Alzheimer-Gesellschaft1.jpg\" alt=\"\" width=\"567\" height=\"280\" srcset=\"http:\/\/www.naum-ev.de\/wp-content\/uploads\/2012\/10\/Alzheimer-Gesellschaft1.jpg 567w, http:\/\/www.naum-ev.de\/wp-content\/uploads\/2012\/10\/Alzheimer-Gesellschaft1-300x148.jpg 300w, http:\/\/www.naum-ev.de\/wp-content\/uploads\/2012\/10\/Alzheimer-Gesellschaft1-500x246.jpg 500w\" sizes=\"auto, (max-width: 567px) 100vw, 567px\" \/><\/p>\n<p>Wahrscheinlichste Ursache ist die Belastung unserer K\u00f6rper mit toxischen Elementen wie <span style=\"color: #0000ff;\"><strong>Aluminium<\/strong> <strong>und Quecksilber.<\/strong><br \/>\n<\/span><\/p>\n<p>Die Aufnahme von k\u00fcnstlichem Aluminium geh\u00f6rt f\u00fcr die meisten Menschen zum Alltag. Aus nur einer Quelle mit Aluminium belastet zu werden kann folgenlos sein. Doch leider gibt es etliche Quellen. Unz\u00e4hlige Lebensmittel werden uns mit Aluminium-Verpackung im Supermarkt offeriert. (z.B. Kaffee, auch Bio-Kaffee, Schokolade, Dosen-Nahrung, Eis). Selbst in Kosmetika wird Aluminium verwendet.<span style=\"color: #0000ff;\"><span style=\"color: #333333;\"><img loading=\"lazy\" decoding=\"async\" class=\"alignright  wp-image-330\" title=\"Entnahme Wasserprobe\" src=\"http:\/\/wordpress.naum-ev.de\/wp-content\/uploads\/2012\/10\/P8210072-Wasserprobe-Web-300x225.jpg\" alt=\"\" width=\"241\" height=\"184\" \/><\/span><\/span><\/p>\n<p>Da aufgrund der schnell zunehmenden Zahl der Alzheimer-Erkrankungen <strong><span style=\"color: #0000ff;\">weitere Quellen <\/span><\/strong>des toxisch wirkenden Leichtmetalls<span style=\"color: #0000ff;\"><strong> Aluminium sehr<\/strong><\/span><span style=\"color: #0000ff;\"><strong> w<\/strong><\/span><span style=\"color: #0000ff;\"><strong>ahrscheinlich <\/strong><\/span>sind, gehen wir davon aus, dass auch die Luft, der Boden und das Wasser damit belastet sind. Die Luft- Belastung z. B. wird vom <a href=\"http:\/\/www.sauberer-himmel.de\/wp-content\/uploads\/2011\/12\/Antwort-Umweltbundesamt.jpg\" target=\"_blank\">Umweltbundesamt<\/a> nicht untersucht<strong>!!!<\/strong><span style=\"color: #0000ff;\"><strong><br \/>\nDahe<\/strong><\/span><span style=\"color: #0000ff;\"><strong>r m\u00f6chte N<\/strong><\/span><span style=\"color: #0000ff;\"><strong>aum e. V. diese Untersuchungen in Auftrag geben.\u00a0<\/strong><span style=\"color: #333333;\">Bitte helfen Sie uns, diese zu finanzieren.<\/span><\/span><\/p>\n<p>Es ist naheliegend, dass wir bereits eine zu hohe Konzentration von Nano-Aluminium in uns tragen. Beginnen wir also unverz\u00fcglich mit seiner Entfernung. Fangen wir mit einer einfachen Handlung an. Zum Beispiel \u00fcber die t\u00e4gliche Einnahme von Lein\u00f6l. Lein\u00f6l unterst\u00fctzt den K\u00f6rper beim Entgiften von Aluminium. Desweiterern kann man sich der <a href=\"http:\/\/www.internationale-praxis.de\/chelat-therapie-vergiftung-schwermetalle.html\" target=\"_blank\">Chelat-Therapie zur Ausleitung<\/a> unterziehen.<\/p>\n<p>&nbsp;<\/p>\n<p><span style=\"color: #0000ff;\"><strong>Schwierige Situation Nr. 2<\/strong><\/span><img loading=\"lazy\" decoding=\"async\" class=\"alignright  wp-image-232\" title=\"Alpen\" src=\"http:\/\/wordpress.naum-ev.de\/wp-content\/uploads\/2012\/10\/Alpen_web-300x224.jpg\" alt=\"\" width=\"264\" height=\"200\" \/><\/p>\n<p>Der zunehmende Flugverkehr am Himmel \u00fcber Deutschland l\u00e4sst den Himmel nicht nur ergrauen, sondern f\u00fchrt auch zu einer <span style=\"color: #0000ff;\"><strong>Verpestung der Luft <\/strong><\/span>mit teilweisen<span style=\"color: #808080;\"><span style=\"color: #3366ff;\"><a href=\"http:\/\/www.fuer-floersheim.de\/media\/2012-03-04%20Demo%20Eddersheim%20Rede.pdf\" target=\"_blank\"><span style=\"color: #3366ff;\"><strong> hochtoxischen Elementen<\/strong><\/span><\/a><\/span>.<br \/>\n<span style=\"color: #333333;\">Auch hier wollen wir <strong><span style=\"color: #0000ff;\">pr\u00fcfen<\/span><\/strong>, ob die von den Flugzeugen hinterlassenen, gewaltigen <span style=\"color: #0000ff;\"><strong>Streifen am Himmel eine Gefahr f\u00fcr uns und unsere Umwelt<\/strong><\/span> darstellen.<\/span><br \/>\n<\/span><\/p>\n<p>L\u00f6sung: Flugzeuge sollten nicht mehr so exzessiv als Transportmittel genutzt werden. Der seit einigen Jahren \u00e4u\u00dferst geringe Preis f\u00fcr einen Passagier-Flug ist alarmierend.<img loading=\"lazy\" decoding=\"async\" class=\"alignright\" title=\"Flugzeug \u00fcber den Gemeinden Kloster-Lehnin 6.9.2012\" src=\"http:\/\/wordpress.naum-ev.de\/wp-content\/uploads\/2012\/10\/P9060074-Milit\u00e4rmaschine-6.9.12-web-2-300x169.jpg\" alt=\"\" width=\"138\" height=\"84\" \/><\/p>\n<p>Man k\u00f6nnte Politiker und Beh\u00f6rdenmitarbeiter auffordern, Verbotszonen f\u00fcr Flugzeuge, (auch Milit\u00e4rmaschinen!) \u00fcber bewohnten Gebieten einzurichten bzw. bereits vorhandene Verbote durchzusetzen.<\/p>\n<p>Toxische Elemente, wie Schwermetalle, die sich bereits in unseren K\u00f6rpern angesammelt haben, k\u00f6nnen aus dem K\u00f6rpe<img loading=\"lazy\" decoding=\"async\" class=\" wp-image-230 alignleft\" title=\"Ostsee\" src=\"http:\/\/wordpress.naum-ev.de\/wp-content\/uploads\/2012\/10\/Ostsee_web-300x225.jpg\" alt=\"\" width=\"245\" height=\"187\" \/>r geleitet werden. Nahrungsmittel, welche die Arbeit der Leber und Galle unterst\u00fctzen (wie z. B. L\u00f6wenzahn, Artischocken etc.) geh\u00f6ren t\u00e4glich auf den Speiseplan. Weiterhin helfen Chlorella, Heilerde, Zeolith und Bentonit bei der Entgiftung.<\/p>\n<p>Hier weisen wir abermals auf die von \u00c4rzten angebotene Chelat-Therapie zur gezielten Ausleitung von im K\u00f6rper angesammelten Schwermetallen hin.<img loading=\"lazy\" decoding=\"async\" class=\"alignright  wp-image-333\" title=\"Sonnenuntergang\" src=\"http:\/\/wordpress.naum-ev.de\/wp-content\/uploads\/2012\/10\/P9020146-Sonnenuntergang-mit-Streifen-Web-300x225.jpg\" alt=\"\" width=\"216\" height=\"165\" \/><\/p>\n<p>Die wenigen Tage, an denen die Sonne von einem blauen Himmel zu uns herunter l\u00e4chelt, unbedingt nutzen! Wir ben\u00f6tigen das Sonnenlicht f\u00fcr die Produktion von Vitamin D, welches im Zusammenspiel mit Hormonen die Mineralstoffe Kalzium und Phosphat reguliert.\u00a0 So sorgt Vitamin D f\u00fcr den Einbau des Kalziums in die Knochen.<\/p>\n<p>&nbsp;<\/p>\n<p><span style=\"color: #0000ff;\"><strong>Schwierige Situation Nr. 3<\/strong><\/span><\/p>\n<div>\u00a0<\/div>\n<div>Die Belastung unserer Umwelt und Gesundheit durch <span style=\"color: #0000ff;\"><strong>elektrische und elektromagnetische Felder<\/strong><\/span> ist inzwischen allgegenw\u00e4rtig. Neben unz\u00e4hligen Mobilfunk- und etlic<img loading=\"lazy\" decoding=\"async\" class=\"alignright  wp-image-227\" title=\"Anlage Marlow bei Rostock\" src=\"http:\/\/wordpress.naum-ev.de\/wp-content\/uploads\/2012\/10\/Antennenanlage-Marlow-bei-Rostock-2web-300x225.jpg\" alt=\"\" width=\"275\" height=\"210\" \/>hen Ton- und Bildfunk- Sendeanlagen gibt es in Alaska eine starke US \u2013 milit\u00e4rische Mikrowellen-Sendeanlage namens HAARP. Europa, Ru\u00dfland und weitere Industriel\u00e4nder sind mit \u00e4hnlich arbeitenden Anlagen ausgestattet.<\/div>\n<div>Mit diesen Mikrowellen- Antennenanlagen werden hochfrequente Radiowellen u.a. zur Erforschung der oberen Atmosph\u00e4re eingesetzt. Mit den Mikrowellen ist es m\u00f6glich, die Ionosph\u00e4re ( eine der Schutzh\u00fcllen der Erde ) auf etliche tausend Grad Celsius aufzuheizen und somit anzuheben. Reflektierte Strahlen treffen wieder auf die Erdoberfl\u00e4che und beeintr\u00e4chtigen alles Lebendige. Wo genau die Strahlen mit gro\u00dfer Feldst\u00e4rke die Erdoberfl\u00e4che treffen, kann genau bestimmt werden. Es werden etliche geheime Programme damit ausgef\u00fchrt.<\/div>\n<div>Auch das IRK kritisierte die HAARP-Anlage u.a. wegen gesundheitssch\u00e4digender Auswirkungen.<\/div>\n<div>Das EU-Parlament benannte HAARP 1999 als &#8211; Zitat: \u201eein klimabeeintr\u00e4chtigendes Waffensystem, mit dem sich gewaltige Kr\u00e4fte kontrollieren lassen\u201c. \u201eHAARP ist in der \u00d6ffentlichkeit fast nicht bekannt, und es ist wichtig, da\u00df die Bev\u00f6lkerung davon Kenntnis erh\u00e4lt\u201c- bemerkte der EU-Umweltausschu\u00df ebenfalls!<\/div>\n<p><strong><span style=\"color: #0000ff;\">NAUM m\u00f6chte auch in diesem Bereich zur Aufkl\u00e4rung \u00fcber die Gefahren solcher Anlagen f\u00fcr Mensch und Umwelt beitragen.<\/span><\/strong><\/p>\n<p>Man erkennt den Be<img loading=\"lazy\" decoding=\"async\" class=\"alignleft size-medium wp-image-224\" title=\"k\u00fcnstliche Wolkenformation\" src=\"http:\/\/wordpress.naum-ev.de\/wp-content\/uploads\/2012\/10\/IMG_3810_wolken_web-300x176.jpg\" alt=\"k\u00fcnstliche Wolkenformation\" width=\"300\" height=\"176\" srcset=\"http:\/\/www.naum-ev.de\/wp-content\/uploads\/2012\/10\/IMG_3810_wolken_web-300x176.jpg 300w, http:\/\/www.naum-ev.de\/wp-content\/uploads\/2012\/10\/IMG_3810_wolken_web-500x294.jpg 500w, http:\/\/www.naum-ev.de\/wp-content\/uploads\/2012\/10\/IMG_3810_wolken_web.jpg 640w\" sizes=\"auto, (max-width: 300px) 100vw, 300px\" \/>trieb der Anlagen durch die Anordnung der Wolken, die dann in milit\u00e4risch perfekter Formation wellenartig am Himmel stehen. Der Betrieb solcher Anlagen ist jedenfalls von sensiblen Menschen f\u00fchlbar. Kopfschmerzen, Schlaflosigkeit und Unwohlsein sind in diesen Stunden die \u00fcblichen Symptome. M\u00f6glicherweise geh\u00f6rt auch das H\u00f6ren eines Brummtons dazu. Wir <strong><span style=\"text-decoration: underline;\"><span style=\"color: #0000ff; text-decoration: underline;\">wollen daher <\/span><\/span><\/strong><span style=\"text-decoration: underline;\"><strong><span style=\"color: #0000ff; text-decoration: underline;\"><strong>u<\/strong>ntersuchen, ob es einen Zusammenhang zwischen den k\u00fcnstlich erzeugten Wellen und der Gesundheit des Menschen gibt.<\/span><\/strong><\/span><\/p>\n<p>Zu dieser schwierigen Situation z\u00e4hlen ebenfalls Handys, Hochspannungsleitungen und vieles mehr. Wir sind inzwischen ununterbrochen diesen k\u00fcnstlichen Feldern ausgesetzt.<\/p>\n<p>Man kann sich entsprechend des Prinzips des Faradayschen K\u00e4figs vor elektromagnetischen Feldern mit Metallgittern, metallenen Folien oder Blechw\u00e4nden abschirmen.<\/p>\n<p>&nbsp;<\/p>\n<p><span style=\"color: #0000ff;\"><strong>Schwierige Situation Nr. 4<\/strong><\/span><\/p>\n<p>Die B\u00fcchse der Pandora hat die <span style=\"color: #0000ff;\"><strong>Kernspaltung<\/strong><\/span> herausgelassen!<a href=\"http:\/\/wordpress.naum-ev.de\/wp-content\/uploads\/2012\/10\/PA150130-Maria-mit-Kind-Plakat-web.jpg\"><img loading=\"lazy\" decoding=\"async\" class=\"alignright\" title=\"Demonstration in Berlin 15.10.2011\" src=\"http:\/\/wordpress.naum-ev.de\/wp-content\/uploads\/2012\/10\/PA150130-Maria-mit-Kind-Plakat-web-209x300.jpg\" alt=\"\" width=\"228\" height=\"320\" \/><\/a><\/p>\n<p>Atomkraftwerke, verheimlichte und ver\u00f6ffentlichte GAUs in Atomkraftwerken, Endlagerst\u00e4tten, Wiederaufbereitungsanlagen, tausendfache Atombomben-Explosionen\u00a0zu Testzwecken sowohl unterirdisch als auch in der oberen Atmosph\u00e4re, atombetriebenen U-Boote, die versenkt wurden und in den Weltmeeren vor sich hinstrahlen, der Einsatz radioaktiver Elemente f\u00fcr Untersuchungen in der Schulmedizin und der Einsatz von Uran-Waffen in Kriegen f\u00fchrten zu einer gegenw\u00e4rtig nahezu st\u00e4ndigen Belastung der Natur durch radioaktive Strahlung. Nach fast jedem bekannt gewordenen GAU werden die Grenzwerte f\u00fcr Radioaktivit\u00e4t in unseren Lebensmitteln erh\u00f6ht. <span style=\"color: #0000ff;\"><strong>Was vor Tschernobyl verseucht war und vernichtet wurde, gilt heute als unbedenkli<\/strong><\/span><span style=\"color: #0000ff;\"><strong>che <\/strong><strong>Nahrung.<\/strong><\/span><\/p>\n<p>Derzeit gibt es keine f\u00fcr uns praktikable M\u00f6glichkeit, sich vor radioaktiver Strahlung zu <img loading=\"lazy\" decoding=\"async\" class=\"alignright\" title=\"Plakat\" src=\"http:\/\/wordpress.naum-ev.de\/wp-content\/uploads\/2012\/10\/thumbs_pic_0592.jpg\" alt=\"\" width=\"100\" height=\"75\" \/>sch\u00fctzen.<\/p>\n<p>Niemand, der sich nicht den Gefahren uranhaltiger Waffen aussetzen m\u00f6chte, sollte an einem Auslandseinsatz der Bundeswehr teilnehmen.<\/p>\n<p>Eventuell geben a<img loading=\"lazy\" decoding=\"async\" class=\"alignleft\" title=\"Wilhelm Reich\" src=\"http:\/\/wordpress.naum-ev.de\/wp-content\/uploads\/2012\/11\/Reichphoto-150x150.jpg\" alt=\"\" width=\"150\" height=\"150\" \/>uch die Forschungsergebnisse von <strong><span style=\"color: #0000ff;\">Wilhelm Reich<\/span><\/strong> Anlass zur Hoffnung. Wilhelm Reich hat es in den 50iger Jahren geschafft, einem aufgrund von Atomwaffentests atmosph\u00e4risch erstarrten Gebiet in den USA, mit Hilfe des von ihm erfundenen Cloudbusters nat\u00fcrliches Wetter zur\u00fcck zu geben. (<a title=\"Himmelsakupunktur\" href=\" http:\/\/www.berndsenf.de\/pdf\/emotion7HimmelsAkupunktur.pdf\" target=\"_blank\">weitere Infos<\/a>)<\/p>\n<p>Atomkraftwerke werden betrieben, damit wir mit Energie versorgt werden. Jedoch ist &#8211; neben der Verstahlung weiter Gebiete &#8211; die Gesamt-Energiebilanz des zivilen atomaren Komplexes eher d\u00fcrftig: Uranabbau, Urananreicherung und der Bau und Betrieb von AKWs frisst gro\u00dfe Energiemengen. Stillgelegte AKWs ben\u00f6tigen ebenfalls eine E<img loading=\"lazy\" decoding=\"async\" class=\"alignright  wp-image-572\" title=\"Eichh\u00f6rnchen\" src=\"http:\/\/wordpress.naum-ev.de\/wp-content\/uploads\/2012\/11\/Eichh\u00f6rnchen-300x213.jpg\" alt=\"\" width=\"206\" height=\"149\" \/>nergieversorgung. Endlagerst\u00e4tten ben\u00f6tigen Energie f\u00fcr Jahrtausende. Wiederaufbereitungsanlagen ben\u00f6tigen Energie.<\/p>\n<p>F\u00fcr den von uns ben\u00f6tigten Strombedarf sollte man als Zwischenl\u00f6sung einen zertifizierten \u00d6ko-Stromanbieter w\u00e4hlen.<\/p>\n<p>Eine Alternative bietet die Stromerzeugung durch Solar- und Windenergieanlagen sowie in Blockheizkraftwerken mit Biomasse. Hier wird preiswert und mit geringer Belastung f\u00fcr die Umwelt Energie produziert.<\/p>\n<p>Au\u00dferdem wurde und wird viel \u00fcber weitere alternative Energien geforscht. Sehr zukunftstr\u00e4chtig sind die Entwicklungen im Bereich der<span style=\"color: #333333;\"> Freien Energie.\u00a0<\/span><\/p>\n<p>&nbsp;<\/p>\n<p><span style=\"color: #0000ff;\"><strong>Schwierige Situation Nr. 5<\/strong><\/span><img loading=\"lazy\" decoding=\"async\" class=\"alignright size-medium wp-image-443\" title=\"Biene\" src=\"http:\/\/wordpress.naum-ev.de\/wp-content\/uploads\/2012\/11\/Biene-web3-240x300.jpg\" alt=\"\" width=\"164\" height=\"203\" \/><\/p>\n<p>Durch den <span style=\"color: #0000ff;\"><strong>Massentod der Bienen und Hummeln<\/strong><\/span> (<a title=\"http:\/\/www.wissen57.de\/in-vielen-teilen-der-welt-sterben-immer-mehr-bienen.html\" href=\"http:\/\/www.wissen57.de\/in-vielen-teilen-der-welt-sterben-immer-mehr-bienen.html\" target=\"_blank\">Bericht<\/a>) wird die Nahrungsmittelproduktion geschw\u00e4cht. Ohne diese t\u00fcchtigen, kleinen Insekten gibt es keine Best\u00e4ubung der Nutzpflanzen mehr. Ohne Best\u00e4ubung keine Fr\u00fcchte. Fr\u00fcchte sind Nahrung f\u00fcr viele S\u00e4ugetiere, manchmal sogar das einzige Nahrungsmittel.<\/p>\n<p><img loading=\"lazy\" decoding=\"async\" class=\"alignleft  wp-image-442\" title=\"Schl\u00fcsselblume\" src=\"http:\/\/wordpress.naum-ev.de\/wp-content\/uploads\/2012\/11\/Schl\u00fcsselblume-129x300.jpg\" alt=\"\" width=\"94\" height=\"208\" \/><\/p>\n<p>Gartenbesitzer verf\u00fcgen \u00fcber eine M\u00f6glichkeit, den Bienen \u00fcber spezielle Konstruktionen (im Baumarkt erh\u00e4ltlich) ein Heim zu bieten, ohne gleich Imker werden zu m\u00fcssen. Fr\u00fcher bauten die Bienen h\u00e4ufig in hohlen B\u00e4umen. Eine M\u00f6glichkeit, die ihnen vom nicht bewussten Mensch genommen wurde. Wir k\u00f6nnen ihnen Ersatz verschaffen.<\/p>\n<p>Die Imkervereine bieten oft Hilfe f\u00fcr Imker-Neulinge an. Zudem ist die Grundausstattung f\u00fcr einen Bienenstock erschwinglich.<\/p>\n<p>Man sollte auch mehr deutschen Honig kaufen, da hierdurch die finanzielle Basis der Imker gest\u00e4rkt wird. Viele von ihnen ahnen l\u00e4ngst die Ursachen des <a title=\"http:\/\/www.youtube.com\/watch?v=n0ySVMcxLac&amp;feature=relmfu\" href=\"http:\/\/www.youtube.com\/watch?v=n0ySVMcxLac&amp;feature=relmfu\" target=\"_blank\">Bienensterb<img loading=\"lazy\" decoding=\"async\" class=\"alignright  wp-image-573\" title=\"Schmetterlinge\" src=\"http:\/\/wordpress.naum-ev.de\/wp-content\/uploads\/2012\/11\/Schmetterlinge-300x217.jpg\" alt=\"\" width=\"299\" height=\"222\" \/>ens<\/a>.<\/p>\n<p style=\"text-align: left;\"><span style=\"text-decoration: underline; color: #0000ff;\"><strong>NAUM m\u00f6chte sich <\/strong><\/span><span style=\"text-decoration: underline; color: #0000ff;\"><strong>hier ebenfalls an der Ursachenforschung beteiligen.<\/strong><\/span> Ist es die permanente radioaktive Belastung? Sind es die elektromagnetischen Strahlen? Sind es Pestizide und Herbizide? Sind es die Streifen am Himmel, die toxische Elemente in Nano-Gr\u00f6\u00dfe auf uns herabregnen lassen?<br \/>\nOder eine Mischung aus allem?<\/p>\n<p>&nbsp;<\/p>\n<p><span style=\"color: #0000ff;\"><strong>Schwierige Situation Nr. 6<\/strong><\/span><\/p>\n<p>Das Angebot von Obst, Gem\u00fcse und Getreideprodukten in den Superm\u00e4rkten besteht zu einem viel zu gro\u00dfen Teil aus von <strong><span style=\"color: #0000ff;\">Herbiziden<\/span><\/strong> wie z.B. <a title=\"http:\/\/www.oekotest.de\/cgi\/index.cgi?artnr=100582;bernr=04;co\" href=\"http:\/\/www.oekotest.de\/cgi\/index.cgi?artnr=100582;bernr=04;co\" target=\"_blank\">Glyphosphat<\/a> <span style=\"color: #0000ff;\"><strong>vergifteten Lebensmitteln<\/strong><\/span>. Bio ist eine Alternative, da sich die deutschen Anbauverb\u00e4nde wie Demeter und Bioland sehr strengen Richtlinien unterworfen haben.<\/p>\n<p>Zudem gibt es die <a title=\"http:\/\/info.kopp-verlag.de\/hintergruende\/geostrategie\/jonathan-benson\/ist-russlands-modell-kleindimensionierter-organischer-landwirtschaft-der-schluessel-zur-ernaehrung-d.html;jsessionid=44DB7B96224A0690CE673E8FD53C33EF\" href=\"http:\/\/info.kopp-verlag.de\/hintergruende\/geostrategie\/jonathan-benson\/ist-russlands-modell-kleindimensionierter-organischer-landwirtschaft-der-schluessel-zur-ernaehrung-d.html;jsessionid=44DB7B96224A0690CE673E8FD53C33EF\" target=\"_blank\">Eigenproduktion im Garten<\/a>. Die Nutzung von Gew\u00e4chsh\u00e4usern zum Schutz vor dem vermutlich toxisch gewordenen Regen ist empfohlen. Vorzugsweise den Samen besser nur von Bio-Verb\u00e4nden kaufen.<\/p>\n<p>&nbsp;<\/p>\n<p><span style=\"color: #0000ff;\"><strong>Schwierige Situation Nr. 7<\/strong><\/span><a title=\"http:\/\/info.kopp-verlag.de\/hintergruende\/geostrategie\/jonathan-benson\/ist-russlands-modell-kleindimensionierter-organischer-landwirtschaft-der-schluessel-zur-ernaehrung-d.html;jsessionid=44DB7B96224A0690CE673E8FD53C33EF\" href=\"http:\/\/info.kopp-verlag.de\/hintergruende\/geostrategie\/jonathan-benson\/ist-russlands-modell-kleindimensionierter-organischer-landwirtschaft-der-schluessel-zur-ernaehrung-d.html;jsessionid=44DB7B96224A0690CE673E8FD53C33EF\" target=\"_blank\"><img loading=\"lazy\" decoding=\"async\" class=\"alignright  wp-image-385\" title=\"K\u00fche in Brandenburg\" src=\"http:\/\/wordpress.naum-ev.de\/wp-content\/uploads\/2012\/11\/P9110336-K\u00fche2-web-300x217.jpg\" alt=\"\" width=\"213\" height=\"157\" \/><\/a><\/p>\n<p style=\"text-align: left;\" align=\"center\">Aufgrund <span style=\"color: #0000ff;\"><strong>genetischer Manipulationen<\/strong><\/span> toxisch gewordene<a title=\"http:\/\/www.spiegel.de\/wissenschaft\/natur\/gentechnik-studie-entfacht-debatte-um-monsanto-mais-a-856823.html\" href=\"http:\/\/www.spiegel.de\/wissenschaft\/natur\/gentechnik-studie-entfacht-debatte-um-monsanto-mais-a-856823.html\" target=\"_blank\"> Futtermittel<\/a> landen mittlerweile auch bei Nutztieren in Deutschland auf dem Speiseplan. Oft leben sie nicht lange genug, um davon sichtbar krank zu werden. Dennoch tragen sie die Gentechnik beim Schlachten bereits in sich und landet diese fr\u00fcher oder sp\u00e4ter auch bei den meisten von uns auf dem Esstisch.<br \/>\nUnd Gentechnik ist ganz bestimmt nicht gr\u00fcn.<\/p>\n<p style=\"text-align: left;\" align=\"center\">&#8230;<\/p>\n<p align=\"center\"><em><span style=\"color: #0000ff;\"><span style=\"color: #333333;\">Die Auflistung <\/span><span style=\"color: #333333;\">kann lang werden. Doch sobald wir angefangen haben, unsere Denkweise zu \u00e4ndern, wird sich viel mehr \u00e4ndern.<\/span><\/span><\/em><em style=\"color: #333333;\"><span style=\"color: #333333;\"> Das Dogma der <\/span>Alternativlosigkeit wird sich durch das Handeln bewu\u00dfter Menschen aufl\u00f6sen!<a href=\"http:\/\/wordpress.naum-ev.de\/wp-content\/uploads\/2012\/11\/Sumpf1.jpg\"><img loading=\"lazy\" decoding=\"async\" class=\"aligncenter  wp-image-582\" title=\"Sumpf\" src=\"http:\/\/wordpress.naum-ev.de\/wp-content\/uploads\/2012\/11\/Sumpf1.jpg\" alt=\"\" width=\"158\" height=\"166\" srcset=\"http:\/\/www.naum-ev.de\/wp-content\/uploads\/2012\/11\/Sumpf1.jpg 368w, http:\/\/www.naum-ev.de\/wp-content\/uploads\/2012\/11\/Sumpf1-285x300.jpg 285w\" sizes=\"auto, (max-width: 158px) 100vw, 158px\" \/><\/a><\/em><\/p>\n<p style=\"text-align: center;\" align=\"center\"><strong><em><span style=\"color: #0000ff;\">Bevor wir wieder saubere Luft atmen k\u00f6nnen, brauchen wir ein anderes, freies Bewu\u00dftsein.<\/span><\/em><\/strong><\/p>\n<p style=\"text-align: center;\"><em><strong><span style=\"color: #0000ff;\">Wir brauchen die \u00dcberzeugung, dass wir immer eine Wahl haben!<\/span><\/strong><\/em><\/p>\n<p style=\"text-align: center;\"><em><strong><span style=\"color: #0000ff;\">Wir bestimmen, wie unser Leben und unsere Umwelt aussehen soll!<\/span><\/strong><\/em><\/p>\n<p style=\"text-align: center;\"><em><strong><span style=\"color: #0000ff;\">T\u00e4glich und gemeinsam.<\/span><\/strong><\/em><\/p>\n<p><em><img loading=\"lazy\" decoding=\"async\" class=\"aligncenter  wp-image-577\" title=\"Froschk\u00f6nig\" src=\"http:\/\/wordpress.naum-ev.de\/wp-content\/uploads\/2012\/11\/Frosch1-1024x374.jpg\" alt=\"\" width=\"321\" height=\"159\" \/><\/em><\/p>\n<p style=\"text-align: center;\"><em><strong><span style=\"color: #0000ff;\">\u00a0<\/span><\/strong><\/em><\/p>\n","protected":false},"excerpt":{"rendered":"<p>\u00a0 \u201eEs gibt keine Probleme, sondern nur schwierige Situationen, die einer L\u00f6sung bed\u00fcrfen!\u201c (Leitgedanke eines erfolgreichen Berliner Unternehmers) &nbsp; &nbsp; Schwierige Situation Nr. 1 Die Zahl der Alzheimer-Erkrankungen steigt in Deutschland dramatisch an. Die Wahrscheinlichkeit, dass es uns trifft, ist &hellip; <a href=\"http:\/\/www.naum-ev.de\/?page_id=164\">Weiterlesen <span class=\"meta-nav\">&rarr;<\/span><\/a><\/p>\n","protected":false},"author":1,"featured_media":0,"parent":0,"menu_order":2,"comment_status":"closed","ping_status":"closed","template":"","meta":{"footnotes":""},"class_list":["post-164","page","type-page","status-publish","hentry"],"_links":{"self":[{"href":"http:\/\/www.naum-ev.de\/index.php?rest_route=\/wp\/v2\/pages\/164","targetHints":{"allow":["GET"]}}],"collection":[{"href":"http:\/\/www.naum-ev.de\/index.php?rest_route=\/wp\/v2\/pages"}],"about":[{"href":"http:\/\/www.naum-ev.de\/index.php?rest_route=\/wp\/v2\/types\/page"}],"author":[{"embeddable":true,"href":"http:\/\/www.naum-ev.de\/index.php?rest_route=\/wp\/v2\/users\/1"}],"replies":[{"embeddable":true,"href":"http:\/\/www.naum-ev.de\/index.php?rest_route=%2Fwp%2Fv2%2Fcomments&post=164"}],"version-history":[{"count":141,"href":"http:\/\/www.naum-ev.de\/index.php?rest_route=\/wp\/v2\/pages\/164\/revisions"}],"predecessor-version":[{"id":170,"href":"http:\/\/www.naum-ev.de\/index.php?rest_route=\/wp\/v2\/pages\/164\/revisions\/170"}],"wp:attachment":[{"href":"http:\/\/www.naum-ev.de\/index.php?rest_route=%2Fwp%2Fv2%2Fmedia&parent=164"}],"curies":[{"name":"wp","href":"https:\/\/api.w.org\/{rel}","templated":true}]}}